{"id":18,"date":"2025-06-07T17:10:52","date_gmt":"2025-06-07T17:10:52","guid":{"rendered":"https:\/\/cmap.uni-vert.be\/?page_id=18"},"modified":"2025-12-27T13:29:23","modified_gmt":"2025-12-27T13:29:23","slug":"projets","status":"publish","type":"page","link":"https:\/\/www.cmap.be\/fr\/projets\/","title":{"rendered":"Projets"},"content":{"rendered":"<div class=\"wpb-content-wrapper\"><p>[vc_row padding_top_multiplier=\u00a0\u00bb3x\u00a0\u00bb padding_bottom_multiplier=\u00a0\u00bb\u00a0\u00bb mobile_columns_vertical_gap=\u00a0\u00bbnone\u00a0\u00bb][vc_column text_align=\u00a0\u00bbcenter\u00a0\u00bb]<h3 class=\"grve-element grve-title grve-align-inherit grve-subtitle-text grve-text-primary-2\"><span>Les projets du CMAP<\/span><\/h3><h3 class=\"grve-element grve-title grve-align-inherit grve-h3\"><span>Des projets concrets et engag\u00e9s<\/span><\/h3>[vc_column_text css=\u00a0\u00bb\u00a0\u00bb text_style=\u00a0\u00bbleader-text\u00a0\u00bb]Chaque projet r\u00e9pond \u00e0 un besoin identifi\u00e9 sur le terrain, avec pour objectif de favoriser le d\u00e9veloppement, l\u2019autonomie et l\u2019inclusion des enfants accompagn\u00e9s.[\/vc_column_text][\/vc_column][\/vc_row][vc_row padding_top_multiplier=\u00a0\u00bb2x\u00a0\u00bb padding_bottom_multiplier=\u00a0\u00bb3x\u00a0\u00bb][vc_column]<div data-display-style=\"pagination\" data-spinner=\"no\" data-columns-large-screen=\"3\" data-columns=\"3\" data-columns-tablet-landscape=\"2\" data-columns-tablet-portrait=\"2\" data-columns-mobile=\"1\" data-layout=\"fitRows\" data-gutter-size=\"15\" data-animation=\"none\" data-items-height=\"equal\" class=\"grve-element grve-portfolio grve-isotope grve-with-gap\" id=\"el-1750376227758-8e8b59fb-833c\">\r\n\t<div class=\"grve-isotope-container\">\r\n\t\t<div class=\"grve-grid-sizer\"><\/div>\r\n\t\r\n\t\t<div class=\"post-706 portfolio type-portfolio status-publish has-post-thumbnail hentry grve-entry-item\">\r\n\t\t\t<div class=\"grve-isotope-item-inner\">\r\n\t\t\t\t<div class=\"grve-hover-item grve-tilt-effect grve-hover-style-4\">\r\n\t<div data-indicator=\"plus\" data-indicator-color=\"primary-2\" class=\"grve-image-hover grve-media grve-tilt-inner\">\r\n\t\t\t\t<a class=\"grve-item-url\" href=\"https:\/\/www.cmap.be\/fr\/projet\/2025-fonds-vanderborght-feron-claude-seigne\/\"><span class=\"screen-reader-text\">2025 \u2013 Fonds Vanderborght Feron Claude Seigne<\/span><\/a>\r\n\t\t\t\t<div class=\"grve-thumbnail-wrapper\"><div class=\"grve-thumbnail\"  style=\"padding-top: 100%;\"><img loading=\"lazy\" decoding=\"async\" width=\"560\" height=\"560\" src=\"https:\/\/www.cmap.be\/wp-content\/uploads\/2025\/06\/CMAP-LSFB-cover-560x560.jpg\" class=\"attachment-impeka-grve-small-square size-impeka-grve-small-square\" alt=\"\" data-column-space=\"100\" data-lazyload=\"\" data-grve-filter=\"yes\" srcset=\"https:\/\/www.cmap.be\/wp-content\/uploads\/2025\/06\/CMAP-LSFB-cover-560x560.jpg 560w, https:\/\/www.cmap.be\/wp-content\/uploads\/2025\/06\/CMAP-LSFB-cover-150x150.jpg 150w, https:\/\/www.cmap.be\/wp-content\/uploads\/2025\/06\/CMAP-LSFB-cover-900x900.jpg 900w\" sizes=\"auto, (max-width: 560px) 100vw, 560px\" \/><\/div><\/div>\t\t\t\t<div class=\"grve-bg-primary-3 grve-hover-overlay grve-opacity-50\"><\/div>\r\n\t\t\t\t<div class=\"grve-content\">\r\n\t\t\t<div class=\"grve-content-inner\">\r\n\t\t\t\t\t\t<h3 class=\"grve-title grve-leader-text grve-text-default\"><span>2025 \u2013 Fonds Vanderborght Feron Claude Seigne<\/span><\/h3>\r\n\t\t\t\t\t\t\t\t<\/div>\r\n\t\t<\/div>\r\n\t<\/div>\r\n<\/div>\r\n\t\t\t<\/div>\r\n\t\t<\/div>\r\n\t\r\n\t\t<div class=\"post-138 portfolio type-portfolio status-publish has-post-thumbnail hentry grve-entry-item\">\r\n\t\t\t<div class=\"grve-isotope-item-inner\">\r\n\t\t\t\t<div class=\"grve-hover-item grve-tilt-effect grve-hover-style-4\">\r\n\t<div data-indicator=\"plus\" data-indicator-color=\"primary-2\" class=\"grve-image-hover grve-media grve-tilt-inner\">\r\n\t\t\t\t<a class=\"grve-item-url\" href=\"https:\/\/www.cmap.be\/fr\/projet\/2023-fonds-vanderborght-feron-claude-seigne\/\"><span class=\"screen-reader-text\">2023 &#8211; Fonds Vanderborght Feron Claude Seigne<\/span><\/a>\r\n\t\t\t\t<div class=\"grve-thumbnail-wrapper\"><div class=\"grve-thumbnail\"  style=\"padding-top: 100%;\"><img loading=\"lazy\" decoding=\"async\" width=\"560\" height=\"560\" src=\"https:\/\/www.cmap.be\/wp-content\/uploads\/2025\/06\/IMG_7636-560x560.jpg\" class=\"attachment-impeka-grve-small-square size-impeka-grve-small-square\" alt=\"\" data-column-space=\"100\" data-lazyload=\"\" data-grve-filter=\"yes\" srcset=\"https:\/\/www.cmap.be\/wp-content\/uploads\/2025\/06\/IMG_7636-560x560.jpg 560w, https:\/\/www.cmap.be\/wp-content\/uploads\/2025\/06\/IMG_7636-150x150.jpg 150w, https:\/\/www.cmap.be\/wp-content\/uploads\/2025\/06\/IMG_7636-900x900.jpg 900w\" sizes=\"auto, (max-width: 560px) 100vw, 560px\" \/><\/div><\/div>\t\t\t\t<div class=\"grve-bg-primary-3 grve-hover-overlay grve-opacity-50\"><\/div>\r\n\t\t\t\t<div class=\"grve-content\">\r\n\t\t\t<div class=\"grve-content-inner\">\r\n\t\t\t\t\t\t<h3 class=\"grve-title grve-leader-text grve-text-default\"><span>2023 &#8211; Fonds Vanderborght Feron Claude Seigne<\/span><\/h3>\r\n\t\t\t\t\t\t\t\t<\/div>\r\n\t\t<\/div>\r\n\t<\/div>\r\n<\/div>\r\n\t\t\t<\/div>\r\n\t\t<\/div>\r\n\t\r\n\t\t<div class=\"post-139 portfolio type-portfolio status-publish has-post-thumbnail hentry grve-entry-item\">\r\n\t\t\t<div class=\"grve-isotope-item-inner\">\r\n\t\t\t\t<div class=\"grve-hover-item grve-tilt-effect grve-hover-style-4\">\r\n\t<div data-indicator=\"plus\" data-indicator-color=\"primary-2\" class=\"grve-image-hover grve-media grve-tilt-inner\">\r\n\t\t\t\t<a class=\"grve-item-url\" href=\"https:\/\/www.cmap.be\/fr\/projet\/2022-fonds-vanderborght-feron-claude-seigne\/\"><span class=\"screen-reader-text\">2022 &#8211; Fonds Vanderborght Feron Claude Seigne<\/span><\/a>\r\n\t\t\t\t<div class=\"grve-thumbnail-wrapper\"><div class=\"grve-thumbnail\"  style=\"padding-top: 100%;\"><img loading=\"lazy\" decoding=\"async\" width=\"560\" height=\"560\" src=\"https:\/\/www.cmap.be\/wp-content\/uploads\/2025\/06\/IMG_7566-560x560.jpg\" class=\"attachment-impeka-grve-small-square size-impeka-grve-small-square\" alt=\"\" data-column-space=\"100\" data-lazyload=\"\" data-grve-filter=\"yes\" srcset=\"https:\/\/www.cmap.be\/wp-content\/uploads\/2025\/06\/IMG_7566-560x560.jpg 560w, https:\/\/www.cmap.be\/wp-content\/uploads\/2025\/06\/IMG_7566-150x150.jpg 150w, https:\/\/www.cmap.be\/wp-content\/uploads\/2025\/06\/IMG_7566-900x900.jpg 900w\" sizes=\"auto, (max-width: 560px) 100vw, 560px\" \/><\/div><\/div>\t\t\t\t<div class=\"grve-bg-primary-3 grve-hover-overlay grve-opacity-50\"><\/div>\r\n\t\t\t\t<div class=\"grve-content\">\r\n\t\t\t<div class=\"grve-content-inner\">\r\n\t\t\t\t\t\t<h3 class=\"grve-title grve-leader-text grve-text-default\"><span>2022 &#8211; Fonds Vanderborght Feron Claude Seigne<\/span><\/h3>\r\n\t\t\t\t\t\t\t\t<\/div>\r\n\t\t<\/div>\r\n\t<\/div>\r\n<\/div>\r\n\t\t\t<\/div>\r\n\t\t<\/div>\r\n\t\r\n\t\t<div class=\"post-143 portfolio type-portfolio status-publish has-post-thumbnail hentry grve-entry-item\">\r\n\t\t\t<div class=\"grve-isotope-item-inner\">\r\n\t\t\t\t<div class=\"grve-hover-item grve-tilt-effect grve-hover-style-4\">\r\n\t<div data-indicator=\"plus\" data-indicator-color=\"primary-2\" class=\"grve-image-hover grve-media grve-tilt-inner\">\r\n\t\t\t\t<a class=\"grve-item-url\" href=\"https:\/\/www.cmap.be\/fr\/projet\/2021-soutiens-de-la-coordination-sociale-de-forest\/\"><span class=\"screen-reader-text\">2021 &#8211; Soutiens de la coordination sociale de Forest<\/span><\/a>\r\n\t\t\t\t<div class=\"grve-thumbnail-wrapper\"><div class=\"grve-thumbnail\"  style=\"padding-top: 100%;\"><img loading=\"lazy\" decoding=\"async\" width=\"560\" height=\"560\" src=\"https:\/\/www.cmap.be\/wp-content\/uploads\/2025\/06\/IMG_7615-560x560.jpg\" class=\"attachment-impeka-grve-small-square size-impeka-grve-small-square\" alt=\"\" data-column-space=\"100\" data-lazyload=\"\" data-grve-filter=\"yes\" srcset=\"https:\/\/www.cmap.be\/wp-content\/uploads\/2025\/06\/IMG_7615-560x560.jpg 560w, https:\/\/www.cmap.be\/wp-content\/uploads\/2025\/06\/IMG_7615-150x150.jpg 150w, https:\/\/www.cmap.be\/wp-content\/uploads\/2025\/06\/IMG_7615-900x900.jpg 900w\" sizes=\"auto, (max-width: 560px) 100vw, 560px\" \/><\/div><\/div>\t\t\t\t<div class=\"grve-bg-primary-3 grve-hover-overlay grve-opacity-50\"><\/div>\r\n\t\t\t\t<div class=\"grve-content\">\r\n\t\t\t<div class=\"grve-content-inner\">\r\n\t\t\t\t\t\t<h3 class=\"grve-title grve-leader-text grve-text-default\"><span>2021 &#8211; Soutiens de la coordination sociale de Forest<\/span><\/h3>\r\n\t\t\t\t\t\t\t\t<\/div>\r\n\t\t<\/div>\r\n\t<\/div>\r\n<\/div>\r\n\t\t\t<\/div>\r\n\t\t<\/div>\r\n\t\r\n\t\t<div class=\"post-146 portfolio type-portfolio status-publish has-post-thumbnail hentry grve-entry-item\">\r\n\t\t\t<div class=\"grve-isotope-item-inner\">\r\n\t\t\t\t<div class=\"grve-hover-item grve-tilt-effect grve-hover-style-4\">\r\n\t<div data-indicator=\"plus\" data-indicator-color=\"primary-2\" class=\"grve-image-hover grve-media grve-tilt-inner\">\r\n\t\t\t\t<a class=\"grve-item-url\" href=\"https:\/\/www.cmap.be\/fr\/projet\/2021-fonds-vanderborght-feron-claude-seigne\/\"><span class=\"screen-reader-text\">2021 &#8211; Fonds Vanderborght Feron Claude Seigne<\/span><\/a>\r\n\t\t\t\t<div class=\"grve-thumbnail-wrapper\"><div class=\"grve-thumbnail\"  style=\"padding-top: 100%;\"><img loading=\"lazy\" decoding=\"async\" width=\"560\" height=\"560\" src=\"https:\/\/www.cmap.be\/wp-content\/uploads\/2025\/06\/IMG_7628-560x560.jpg\" class=\"attachment-impeka-grve-small-square size-impeka-grve-small-square\" alt=\"\" data-column-space=\"100\" data-lazyload=\"\" data-grve-filter=\"yes\" srcset=\"https:\/\/www.cmap.be\/wp-content\/uploads\/2025\/06\/IMG_7628-560x560.jpg 560w, https:\/\/www.cmap.be\/wp-content\/uploads\/2025\/06\/IMG_7628-300x300.jpg 300w, https:\/\/www.cmap.be\/wp-content\/uploads\/2025\/06\/IMG_7628-1024x1024.jpg 1024w, https:\/\/www.cmap.be\/wp-content\/uploads\/2025\/06\/IMG_7628-150x150.jpg 150w, https:\/\/www.cmap.be\/wp-content\/uploads\/2025\/06\/IMG_7628-768x768.jpg 768w, https:\/\/www.cmap.be\/wp-content\/uploads\/2025\/06\/IMG_7628-900x900.jpg 900w, https:\/\/www.cmap.be\/wp-content\/uploads\/2025\/06\/IMG_7628.jpg 1500w\" sizes=\"auto, (max-width: 560px) 100vw, 560px\" \/><\/div><\/div>\t\t\t\t<div class=\"grve-bg-primary-3 grve-hover-overlay grve-opacity-50\"><\/div>\r\n\t\t\t\t<div class=\"grve-content\">\r\n\t\t\t<div class=\"grve-content-inner\">\r\n\t\t\t\t\t\t<h3 class=\"grve-title grve-leader-text grve-text-default\"><span>2021 &#8211; Fonds Vanderborght Feron Claude Seigne<\/span><\/h3>\r\n\t\t\t\t\t\t\t\t<\/div>\r\n\t\t<\/div>\r\n\t<\/div>\r\n<\/div>\r\n\t\t\t<\/div>\r\n\t\t<\/div>\r\n\t\r\n\t\t<div class=\"post-539 portfolio type-portfolio status-publish has-post-thumbnail hentry grve-entry-item\">\r\n\t\t\t<div class=\"grve-isotope-item-inner\">\r\n\t\t\t\t<div class=\"grve-hover-item grve-tilt-effect grve-hover-style-4\">\r\n\t<div data-indicator=\"plus\" data-indicator-color=\"primary-2\" class=\"grve-image-hover grve-media grve-tilt-inner\">\r\n\t\t\t\t<a class=\"grve-item-url\" href=\"https:\/\/www.cmap.be\/fr\/projet\/les-autres-projets-soutenus-par-nos-partenaires\/\"><span class=\"screen-reader-text\">Les autres projets soutenus par nos partenaires<\/span><\/a>\r\n\t\t\t\t<div class=\"grve-thumbnail-wrapper\"><div class=\"grve-thumbnail\"  style=\"padding-top: 100%;\"><img loading=\"lazy\" decoding=\"async\" width=\"560\" height=\"560\" src=\"https:\/\/www.cmap.be\/wp-content\/uploads\/2025\/07\/palncher2-560x560.jpg\" class=\"attachment-impeka-grve-small-square size-impeka-grve-small-square\" alt=\"\" data-column-space=\"100\" data-lazyload=\"\" data-grve-filter=\"yes\" srcset=\"https:\/\/www.cmap.be\/wp-content\/uploads\/2025\/07\/palncher2-560x560.jpg 560w, https:\/\/www.cmap.be\/wp-content\/uploads\/2025\/07\/palncher2-150x150.jpg 150w, https:\/\/www.cmap.be\/wp-content\/uploads\/2025\/07\/palncher2-900x900.jpg 900w\" sizes=\"auto, (max-width: 560px) 100vw, 560px\" \/><\/div><\/div>\t\t\t\t<div class=\"grve-bg-primary-3 grve-hover-overlay grve-opacity-50\"><\/div>\r\n\t\t\t\t<div class=\"grve-content\">\r\n\t\t\t<div class=\"grve-content-inner\">\r\n\t\t\t\t\t\t<h3 class=\"grve-title grve-leader-text grve-text-default\"><span>Les autres projets soutenus par nos partenaires<\/span><\/h3>\r\n\t\t\t\t\t\t\t\t<\/div>\r\n\t\t<\/div>\r\n\t<\/div>\r\n<\/div>\r\n\t\t\t<\/div>\r\n\t\t<\/div>\r\n\t<\/div>\r\n<\/div>\r\n[\/vc_column][\/vc_row][vc_row rc_heading_color=\u00a0\u00bbwhite\u00a0\u00bb rc_bg_type=\u00a0\u00bbcolor\u00a0\u00bb rc_bg_color=\u00a0\u00bb#213B88&Prime; rc_font_color=\u00a0\u00bb#FFFFFF\u00a0\u00bb][vc_column add_column_link=\u00a0\u00bbyes\u00a0\u00bb column_link=\u00a0\u00bburl:https%3A%2F%2Fyoutu.be%2FZAKezEJzF8k\u00a0\u00bb column_link_class=\u00a0\u00bbgrve-video-popup\u00a0\u00bb hover_animation=\u00a0\u00bbmagnetism\u00a0\u00bb]<div class=\"grve-element grve-box-icon grve-medium grve-side-icon grve-align-left grve-vertical-align-middle grve-layout-2\"><div class=\"grve-wrapper-icon grve-image-icon\"><div class=\"grve-thumbnail-wrapper\"  style=\"width: 195px;\"><div class=\"grve-thumbnail\"  style=\"padding-top: 51.282%;\"><img loading=\"lazy\" decoding=\"async\" width=\"195\" height=\"100\" src=\"https:\/\/www.cmap.be\/wp-content\/uploads\/2025\/12\/LSFB_play-video.png\" class=\"attachment-full size-full\" alt=\"\" srcset=\"https:\/\/www.cmap.be\/wp-content\/uploads\/2025\/12\/LSFB_play-video.png 1x,https:\/\/www.cmap.be\/wp-content\/uploads\/2025\/12\/LSFB_play-video@2x.png 2x\" data-column-space=\"auto\" data-lazyload=\"\" data-grve-filter=\"yes\" \/><\/div><\/div><\/div><div class=\"grve-box-content\"><h3 class=\"grve-box-title grve-h5\">D\u00e9couvrez ce contenu en langue des signes (LSFB)<\/h3><p class=\"\">Cette page est \u00e9galement disponible en langue des signes belge francophone (LSFB). Regardez la vid\u00e9o.<\/p><\/div><\/div>[\/vc_column][\/vc_row]<\/p>\n<\/div>","protected":false},"excerpt":{"rendered":"<p>[vc_row padding_top_multiplier=\u00a0\u00bb3x\u00a0\u00bb padding_bottom_multiplier=\u00a0\u00bb\u00a0\u00bb mobile_columns_vertical_gap=\u00a0\u00bbnone\u00a0\u00bb][vc_column text_align=\u00a0\u00bbcenter\u00a0\u00bb][vc_column_text css=\u00a0\u00bb\u00a0\u00bb text_style=\u00a0\u00bbleader-text\u00a0\u00bb]Chaque projet r\u00e9pond \u00e0 un besoin identifi\u00e9 sur le terrain, avec pour objectif de favoriser le d\u00e9veloppement, l\u2019autonomie et l\u2019inclusion des enfants accompagn\u00e9s.[\/vc_column_text][\/vc_column][\/vc_row][vc_row padding_top_multiplier=\u00a0\u00bb2x\u00a0\u00bb padding_bottom_multiplier=\u00a0\u00bb3x\u00a0\u00bb][vc_column][\/vc_column][\/vc_row][vc_row rc_heading_color=\u00a0\u00bbwhite\u00a0\u00bb rc_bg_type=\u00a0\u00bbcolor\u00a0\u00bb rc_bg_color=\u00a0\u00bb#213B88&Prime; rc_font_color=\u00a0\u00bb#FFFFFF\u00a0\u00bb][vc_column add_column_link=\u00a0\u00bbyes\u00a0\u00bb column_link=\u00a0\u00bburl:https%3A%2F%2Fyoutu.be%2FZAKezEJzF8k\u00a0\u00bb column_link_class=\u00a0\u00bbgrve-video-popup\u00a0\u00bb hover_animation=\u00a0\u00bbmagnetism\u00a0\u00bb][\/vc_column][\/vc_row]<\/p>\n","protected":false},"author":1,"featured_media":0,"parent":0,"menu_order":0,"comment_status":"closed","ping_status":"closed","template":"","meta":{"footnotes":""},"class_list":["post-18","page","type-page","status-publish","hentry","grve-entry-item"],"yoast_head":"<!-- This site is optimized with the Yoast SEO plugin v27.3 - https:\/\/yoast.com\/product\/yoast-seo-wordpress\/ -->\n<title>Projets soutenus \u2013 CMAP Bruxelles<\/title>\n<meta name=\"description\" content=\"D\u00e9couvrez les projets soutenus par des partenaires institutionnels au CMAP : innovations, \u00e9quipements et initiatives pour l\u2019accompagnement \u00e0 Bruxelles.\" \/>\n<meta name=\"robots\" content=\"index, follow, max-snippet:-1, max-image-preview:large, max-video-preview:-1\" \/>\n<link rel=\"canonical\" href=\"https:\/\/www.cmap.be\/fr\/projets\/\" \/>\n<meta property=\"og:locale\" content=\"fr_FR\" \/>\n<meta property=\"og:type\" content=\"article\" \/>\n<meta property=\"og:title\" content=\"Projets soutenus \u2013 CMAP Bruxelles\" \/>\n<meta property=\"og:description\" content=\"D\u00e9couvrez les projets soutenus par des partenaires institutionnels au CMAP : innovations, \u00e9quipements et initiatives pour l\u2019accompagnement \u00e0 Bruxelles.\" \/>\n<meta property=\"og:url\" content=\"https:\/\/www.cmap.be\/fr\/projets\/\" \/>\n<meta property=\"og:site_name\" content=\"CMAP\" \/>\n<meta property=\"article:modified_time\" content=\"2025-12-27T13:29:23+00:00\" \/>\n<meta property=\"og:image\" content=\"https:\/\/www.cmap.be\/wp-content\/uploads\/2025\/08\/cmap-share.jpg\" \/>\n\t<meta property=\"og:image:width\" content=\"1200\" \/>\n\t<meta property=\"og:image:height\" content=\"675\" \/>\n\t<meta property=\"og:image:type\" content=\"image\/jpeg\" \/>\n<meta name=\"twitter:card\" content=\"summary_large_image\" \/>\n<meta name=\"twitter:label1\" content=\"Dur\u00e9e de lecture estim\u00e9e\" \/>\n\t<meta name=\"twitter:data1\" content=\"1 minute\" \/>\n<script type=\"application\/ld+json\" class=\"yoast-schema-graph\">{\"@context\":\"https:\\\/\\\/schema.org\",\"@graph\":[{\"@type\":\"WebPage\",\"@id\":\"https:\\\/\\\/www.cmap.be\\\/fr\\\/projets\\\/\",\"url\":\"https:\\\/\\\/www.cmap.be\\\/fr\\\/projets\\\/\",\"name\":\"Projets soutenus \u2013 CMAP Bruxelles\",\"isPartOf\":{\"@id\":\"https:\\\/\\\/www.cmap.be\\\/fr\\\/#website\"},\"datePublished\":\"2025-06-07T17:10:52+00:00\",\"dateModified\":\"2025-12-27T13:29:23+00:00\",\"description\":\"D\u00e9couvrez les projets soutenus par des partenaires institutionnels au CMAP : innovations, \u00e9quipements et initiatives pour l\u2019accompagnement \u00e0 Bruxelles.\",\"breadcrumb\":{\"@id\":\"https:\\\/\\\/www.cmap.be\\\/fr\\\/projets\\\/#breadcrumb\"},\"inLanguage\":\"fr-FR\",\"potentialAction\":[{\"@type\":\"ReadAction\",\"target\":[\"https:\\\/\\\/www.cmap.be\\\/fr\\\/projets\\\/\"]}]},{\"@type\":\"BreadcrumbList\",\"@id\":\"https:\\\/\\\/www.cmap.be\\\/fr\\\/projets\\\/#breadcrumb\",\"itemListElement\":[{\"@type\":\"ListItem\",\"position\":1,\"name\":\"Accueil\",\"item\":\"https:\\\/\\\/www.cmap.be\\\/fr\\\/\"},{\"@type\":\"ListItem\",\"position\":2,\"name\":\"Projets\"}]},{\"@type\":\"WebSite\",\"@id\":\"https:\\\/\\\/www.cmap.be\\\/fr\\\/#website\",\"url\":\"https:\\\/\\\/www.cmap.be\\\/fr\\\/\",\"name\":\"CMAP\",\"description\":\"Centre M\u00e9dical d&#039;Audio-Phonologie\",\"publisher\":{\"@id\":\"https:\\\/\\\/www.cmap.be\\\/fr\\\/#organization\"},\"potentialAction\":[{\"@type\":\"SearchAction\",\"target\":{\"@type\":\"EntryPoint\",\"urlTemplate\":\"https:\\\/\\\/www.cmap.be\\\/fr\\\/?s={search_term_string}\"},\"query-input\":{\"@type\":\"PropertyValueSpecification\",\"valueRequired\":true,\"valueName\":\"search_term_string\"}}],\"inLanguage\":\"fr-FR\"},{\"@type\":\"Organization\",\"@id\":\"https:\\\/\\\/www.cmap.be\\\/fr\\\/#organization\",\"name\":\"CMAP\",\"url\":\"https:\\\/\\\/www.cmap.be\\\/fr\\\/\",\"logo\":{\"@type\":\"ImageObject\",\"inLanguage\":\"fr-FR\",\"@id\":\"https:\\\/\\\/www.cmap.be\\\/fr\\\/#\\\/schema\\\/logo\\\/image\\\/\",\"url\":\"https:\\\/\\\/www.cmap.be\\\/wp-content\\\/uploads\\\/2025\\\/06\\\/cropped-sigle-CMAP.png\",\"contentUrl\":\"https:\\\/\\\/www.cmap.be\\\/wp-content\\\/uploads\\\/2025\\\/06\\\/cropped-sigle-CMAP.png\",\"width\":512,\"height\":512,\"caption\":\"CMAP\"},\"image\":{\"@id\":\"https:\\\/\\\/www.cmap.be\\\/fr\\\/#\\\/schema\\\/logo\\\/image\\\/\"}}]}<\/script>\n<!-- \/ Yoast SEO plugin. -->","yoast_head_json":{"title":"Projets soutenus \u2013 CMAP Bruxelles","description":"D\u00e9couvrez les projets soutenus par des partenaires institutionnels au CMAP : innovations, \u00e9quipements et initiatives pour l\u2019accompagnement \u00e0 Bruxelles.","robots":{"index":"index","follow":"follow","max-snippet":"max-snippet:-1","max-image-preview":"max-image-preview:large","max-video-preview":"max-video-preview:-1"},"canonical":"https:\/\/www.cmap.be\/fr\/projets\/","og_locale":"fr_FR","og_type":"article","og_title":"Projets soutenus \u2013 CMAP Bruxelles","og_description":"D\u00e9couvrez les projets soutenus par des partenaires institutionnels au CMAP : innovations, \u00e9quipements et initiatives pour l\u2019accompagnement \u00e0 Bruxelles.","og_url":"https:\/\/www.cmap.be\/fr\/projets\/","og_site_name":"CMAP","article_modified_time":"2025-12-27T13:29:23+00:00","og_image":[{"width":1200,"height":675,"url":"https:\/\/www.cmap.be\/wp-content\/uploads\/2025\/08\/cmap-share.jpg","type":"image\/jpeg"}],"twitter_card":"summary_large_image","twitter_misc":{"Dur\u00e9e de lecture estim\u00e9e":"1 minute"},"schema":{"@context":"https:\/\/schema.org","@graph":[{"@type":"WebPage","@id":"https:\/\/www.cmap.be\/fr\/projets\/","url":"https:\/\/www.cmap.be\/fr\/projets\/","name":"Projets soutenus \u2013 CMAP Bruxelles","isPartOf":{"@id":"https:\/\/www.cmap.be\/fr\/#website"},"datePublished":"2025-06-07T17:10:52+00:00","dateModified":"2025-12-27T13:29:23+00:00","description":"D\u00e9couvrez les projets soutenus par des partenaires institutionnels au CMAP : innovations, \u00e9quipements et initiatives pour l\u2019accompagnement \u00e0 Bruxelles.","breadcrumb":{"@id":"https:\/\/www.cmap.be\/fr\/projets\/#breadcrumb"},"inLanguage":"fr-FR","potentialAction":[{"@type":"ReadAction","target":["https:\/\/www.cmap.be\/fr\/projets\/"]}]},{"@type":"BreadcrumbList","@id":"https:\/\/www.cmap.be\/fr\/projets\/#breadcrumb","itemListElement":[{"@type":"ListItem","position":1,"name":"Accueil","item":"https:\/\/www.cmap.be\/fr\/"},{"@type":"ListItem","position":2,"name":"Projets"}]},{"@type":"WebSite","@id":"https:\/\/www.cmap.be\/fr\/#website","url":"https:\/\/www.cmap.be\/fr\/","name":"CMAP","description":"Centre M\u00e9dical d&#039;Audio-Phonologie","publisher":{"@id":"https:\/\/www.cmap.be\/fr\/#organization"},"potentialAction":[{"@type":"SearchAction","target":{"@type":"EntryPoint","urlTemplate":"https:\/\/www.cmap.be\/fr\/?s={search_term_string}"},"query-input":{"@type":"PropertyValueSpecification","valueRequired":true,"valueName":"search_term_string"}}],"inLanguage":"fr-FR"},{"@type":"Organization","@id":"https:\/\/www.cmap.be\/fr\/#organization","name":"CMAP","url":"https:\/\/www.cmap.be\/fr\/","logo":{"@type":"ImageObject","inLanguage":"fr-FR","@id":"https:\/\/www.cmap.be\/fr\/#\/schema\/logo\/image\/","url":"https:\/\/www.cmap.be\/wp-content\/uploads\/2025\/06\/cropped-sigle-CMAP.png","contentUrl":"https:\/\/www.cmap.be\/wp-content\/uploads\/2025\/06\/cropped-sigle-CMAP.png","width":512,"height":512,"caption":"CMAP"},"image":{"@id":"https:\/\/www.cmap.be\/fr\/#\/schema\/logo\/image\/"}}]}},"_links":{"self":[{"href":"https:\/\/www.cmap.be\/fr\/wp-json\/wp\/v2\/pages\/18","targetHints":{"allow":["GET"]}}],"collection":[{"href":"https:\/\/www.cmap.be\/fr\/wp-json\/wp\/v2\/pages"}],"about":[{"href":"https:\/\/www.cmap.be\/fr\/wp-json\/wp\/v2\/types\/page"}],"author":[{"embeddable":true,"href":"https:\/\/www.cmap.be\/fr\/wp-json\/wp\/v2\/users\/1"}],"replies":[{"embeddable":true,"href":"https:\/\/www.cmap.be\/fr\/wp-json\/wp\/v2\/comments?post=18"}],"version-history":[{"count":9,"href":"https:\/\/www.cmap.be\/fr\/wp-json\/wp\/v2\/pages\/18\/revisions"}],"predecessor-version":[{"id":703,"href":"https:\/\/www.cmap.be\/fr\/wp-json\/wp\/v2\/pages\/18\/revisions\/703"}],"wp:attachment":[{"href":"https:\/\/www.cmap.be\/fr\/wp-json\/wp\/v2\/media?parent=18"}],"curies":[{"name":"wp","href":"https:\/\/api.w.org\/{rel}","templated":true}]}}